{"id":534,"date":"2021-02-10T21:27:02","date_gmt":"2021-02-10T21:27:02","guid":{"rendered":"http:\/\/nostalgic-camera.flywheelsites.com\/?page_id=534"},"modified":"2025-03-23T06:25:30","modified_gmt":"2025-03-23T10:25:30","slug":"what-we-do","status":"publish","type":"page","link":"https:\/\/childrenfirstcanada.org\/fr\/what-we-do\/","title":{"rendered":"Ce que nous faisons"},"content":{"rendered":"<div data-elementor-type=\"wp-page\" data-elementor-id=\"534\" class=\"elementor elementor-534\" data-elementor-post-type=\"page\">\n\t\t\t\t\t\t<section data-particle_enable=\"false\" data-particle-mobile-disabled=\"false\" class=\"elementor-section elementor-top-section elementor-element elementor-element-e93c66a elementor-section-full_width elementor-section-height-default elementor-section-height-default\" data-id=\"e93c66a\" data-element_type=\"section\" data-e-type=\"section\">\n\t\t\t\t\t\t<div class=\"elementor-container elementor-column-gap-no\">\n\t\t\t\t\t<div class=\"elementor-column elementor-col-100 elementor-top-column elementor-element elementor-element-8e6ab05\" data-id=\"8e6ab05\" data-element_type=\"column\" data-e-type=\"column\">\n\t\t\t<div class=\"elementor-widget-wrap elementor-element-populated\">\n\t\t\t\t\t\t<div class=\"elementor-element elementor-element-885ce75 elementor-widget elementor-widget-template\" data-id=\"885ce75\" data-element_type=\"widget\" data-e-type=\"widget\" data-widget_type=\"template.default\">\n\t\t\t\t<div class=\"elementor-widget-container\">\n\t\t\t\t\t\t\t<div class=\"elementor-template\">\n\t\t\t\t\t<div data-elementor-type=\"section\" data-elementor-id=\"578\" class=\"elementor elementor-578\" data-elementor-post-type=\"elementor_library\">\n\t\t\t\t\t<section data-particle_enable=\"false\" data-particle-mobile-disabled=\"false\" class=\"elementor-section elementor-top-section elementor-element elementor-element-6660968e elementor-section-boxed elementor-section-height-default elementor-section-height-default\" data-id=\"6660968e\" data-element_type=\"section\" data-e-type=\"section\" data-settings=\"{&quot;background_background&quot;:&quot;classic&quot;}\">\n\t\t\t\t\t\t<div class=\"elementor-container elementor-column-gap-default\">\n\t\t\t\t\t<div class=\"elementor-column elementor-col-50 elementor-top-column elementor-element elementor-element-201b8fea\" data-id=\"201b8fea\" data-element_type=\"column\" data-e-type=\"column\">\n\t\t\t<div class=\"elementor-widget-wrap elementor-element-populated\">\n\t\t\t\t\t\t<div class=\"elementor-element elementor-element-534b6cf2 elementor-widget elementor-widget-heading\" data-id=\"534b6cf2\" data-element_type=\"widget\" data-e-type=\"widget\" data-widget_type=\"heading.default\">\n\t\t\t\t<div class=\"elementor-widget-container\">\n\t\t\t\t\t<h1 class=\"elementor-heading-title elementor-size-default\">Les enfants ne vont pas bien<\/h1>\t\t\t\t<\/div>\n\t\t\t\t<\/div>\n\t\t\t\t<div class=\"elementor-element elementor-element-2b569aa9 elementor-widget elementor-widget-text-editor\" data-id=\"2b569aa9\" data-element_type=\"widget\" data-e-type=\"widget\" data-widget_type=\"text-editor.default\">\n\t\t\t\t<div class=\"elementor-widget-container\">\n\t\t\t\t\t\t\t\t\t<p>Enfants d'abord Canada a une vision audacieuse et ambitieuse pour faire du Canada le meilleur endroit au monde o\u00f9 les enfants peuvent grandir. Gr\u00e2ce \u00e0 nos diverses campagnes - pass\u00e9es et pr\u00e9sentes - nous mobilisons les canadiens pour faire de ce r\u00eave une r\u00e9alit\u00e9.<\/p>\t\t\t\t\t\t\t\t<\/div>\n\t\t\t\t<\/div>\n\t\t\t\t\t<\/div>\n\t\t<\/div>\n\t\t\t\t<div class=\"elementor-column elementor-col-50 elementor-top-column elementor-element elementor-element-6f1f6863\" data-id=\"6f1f6863\" data-element_type=\"column\" data-e-type=\"column\">\n\t\t\t<div class=\"elementor-widget-wrap\">\n\t\t\t\t\t\t\t<\/div>\n\t\t<\/div>\n\t\t\t\t\t<\/div>\n\t\t<\/section>\n\t\t\t\t<\/div>\n\t\t\t\t<\/div>\n\t\t\t\t\t\t<\/div>\n\t\t\t\t<\/div>\n\t\t\t\t\t<\/div>\n\t\t<\/div>\n\t\t\t\t\t<\/div>\n\t\t<\/section>\n\t\t\t\t<section data-particle_enable=\"false\" data-particle-mobile-disabled=\"false\" class=\"elementor-section elementor-top-section elementor-element elementor-element-4747edd elementor-hidden-phone elementor-section-boxed elementor-section-height-default elementor-section-height-default\" data-id=\"4747edd\" data-element_type=\"section\" data-e-type=\"section\">\n\t\t\t\t\t\t<div class=\"elementor-container elementor-column-gap-default\">\n\t\t\t\t\t<div class=\"elementor-column elementor-col-100 elementor-top-column elementor-element elementor-element-8fb64a0\" data-id=\"8fb64a0\" data-element_type=\"column\" data-e-type=\"column\">\n\t\t\t<div class=\"elementor-widget-wrap elementor-element-populated\">\n\t\t\t\t\t\t<div class=\"elementor-element elementor-element-79aeb18 elementor-widget elementor-widget-shortcode\" data-id=\"79aeb18\" data-element_type=\"widget\" data-e-type=\"widget\" data-widget_type=\"shortcode.default\">\n\t\t\t\t<div class=\"elementor-widget-container\">\n\t\t\t\t\t\t\t<div class=\"elementor-shortcode\">\r\n      <nav class=\"nav-items-wrap -nav\">\r\n      <ul class=\"nav-items\">\r\n                  <li class=\"nav-item h3  menu-item menu-item-type-post_type menu-item-object-campaign\">\r\n            <a href=\"https:\/\/childrenfirstcanada.org\/fr\/campaign\/countdown-for-kids\/\">Compte \u00e0 rebours pour les enfants<\/a>\r\n          <\/li>\r\n                  <li class=\"nav-item h3  menu-item menu-item-type-post_type menu-item-object-campaign\">\r\n            <a href=\"https:\/\/childrenfirstcanada.org\/fr\/campaign\/the-future-is-now-awards\/\">Le futur, c&#039;est maintenant ! Prix<\/a>\r\n          <\/li>\r\n                  <li class=\"nav-item h3  menu-item menu-item-type-post_type menu-item-object-campaign\">\r\n            <a href=\"https:\/\/childrenfirstcanada.org\/fr\/campaign\/being-belonging-becoming-program\/\">\u00catre, appartenir, devenir<\/a>\r\n          <\/li>\r\n                  <li class=\"nav-item h3  menu-item menu-item-type-post_type menu-item-object-campaign\">\r\n            <a href=\"https:\/\/childrenfirstcanada.org\/fr\/campaign\/sdg-accelerator-program\/\">Programme d&#039;acc\u00e9l\u00e9ration des ODD<\/a>\r\n          <\/li>\r\n                  <li class=\"nav-item h3  menu-item menu-item-type-post_type menu-item-object-campaign\">\r\n            <a href=\"https:\/\/childrenfirstcanada.org\/fr\/campaign\/young-canadians-parliament\/\">Parlement des jeunes canadien(ne)s<\/a>\r\n          <\/li>\r\n                  <li class=\"nav-item h3  menu-item menu-item-type-custom menu-item-object-custom\">\r\n            <a href=\"https:\/\/nationalchildday.org\/\">Journ\u00e9e nationale de l'enfant<\/a>\r\n          <\/li>\r\n                  <li class=\"nav-item h3  menu-item menu-item-type-post_type menu-item-object-campaign\">\r\n            <a href=\"https:\/\/childrenfirstcanada.org\/fr\/campaign\/raising-canada\/\">\u00c9lever le Canada<\/a>\r\n          <\/li>\r\n                  <li class=\"nav-item h3  menu-item menu-item-type-post_type menu-item-object-campaign\">\r\n            <a href=\"https:\/\/childrenfirstcanada.org\/fr\/campaign\/canadian-childrens-charter\/\">Charte canadienne des enfants<\/a>\r\n          <\/li>\r\n                  <li class=\"nav-item h3  menu-item menu-item-type-post_type menu-item-object-campaign\">\r\n            <a href=\"https:\/\/childrenfirstcanada.org\/fr\/campaign\/the-kids-are-not-alright\/\">Les enfants ne vont pas bien<\/a>\r\n          <\/li>\r\n              <\/ul>\r\n    <\/nav>\r\n   \r\n  <\/div>\n\t\t\t\t\t\t<\/div>\n\t\t\t\t<\/div>\n\t\t\t\t\t<\/div>\n\t\t<\/div>\n\t\t\t\t\t<\/div>\n\t\t<\/section>\n\t\t\t\t<section data-particle_enable=\"false\" data-particle-mobile-disabled=\"false\" class=\"elementor-section elementor-top-section elementor-element elementor-element-6d455ca elementor-section-full_width elementor-section-height-default elementor-section-height-default\" data-id=\"6d455ca\" data-element_type=\"section\" data-e-type=\"section\">\n\t\t\t\t\t\t<div class=\"elementor-container elementor-column-gap-no\">\n\t\t\t\t\t<div class=\"elementor-column elementor-col-100 elementor-top-column elementor-element elementor-element-c619553\" data-id=\"c619553\" data-element_type=\"column\" data-e-type=\"column\">\n\t\t\t<div class=\"elementor-widget-wrap elementor-element-populated\">\n\t\t\t\t\t\t<div class=\"elementor-element elementor-element-24eeb71 elementor-grid-1 elementor-posts--thumbnail-top elementor-grid-tablet-2 elementor-grid-mobile-1 elementor-widget elementor-widget-posts\" data-id=\"24eeb71\" data-element_type=\"widget\" data-e-type=\"widget\" data-settings=\"{&quot;custom_columns&quot;:&quot;1&quot;,&quot;custom_columns_tablet&quot;:&quot;2&quot;,&quot;custom_columns_mobile&quot;:&quot;1&quot;,&quot;custom_row_gap&quot;:{&quot;unit&quot;:&quot;px&quot;,&quot;size&quot;:35,&quot;sizes&quot;:[]},&quot;custom_row_gap_tablet&quot;:{&quot;unit&quot;:&quot;px&quot;,&quot;size&quot;:&quot;&quot;,&quot;sizes&quot;:[]},&quot;custom_row_gap_mobile&quot;:{&quot;unit&quot;:&quot;px&quot;,&quot;size&quot;:&quot;&quot;,&quot;sizes&quot;:[]}}\" data-widget_type=\"posts.custom\">\n\t\t\t\t<div class=\"elementor-widget-container\">\n\t\t\t\t\t      <div class=\"ecs-posts elementor-posts-container elementor-posts   elementor-grid elementor-posts--skin-custom\" data-settings=\"{&quot;current_page&quot;:1,&quot;max_num_pages&quot;:2,&quot;load_method&quot;:&quot;&quot;,&quot;widget_id&quot;:&quot;24eeb71&quot;,&quot;post_id&quot;:534,&quot;theme_id&quot;:534,&quot;change_url&quot;:false,&quot;reinit_js&quot;:false}\">\n      \t\t<article id=\"post-139735\" class=\"elementor-post elementor-grid-item ecs-post-loop post-139735 campaign type-campaign status-publish has-post-thumbnail hentry\">\n\t\t\t\t<div data-elementor-type=\"loop\" data-elementor-id=\"609\" class=\"elementor elementor-609 post-139735 campaign type-campaign status-publish has-post-thumbnail hentry\" data-elementor-post-type=\"elementor_library\">\n\t\t\t<style>#post-139735 .elementor-609 .elementor-element.elementor-element-48b303f:not(.elementor-motion-effects-element-type-background), #post-139735 .elementor-609 .elementor-element.elementor-element-48b303f > .elementor-motion-effects-container > .elementor-motion-effects-layer{background-image: url(\"https:\/\/childrenfirstcanada.org\/wp-content\/uploads\/2025\/11\/Countdown-web__Home-page-slider-scaled.jpg\");}<\/style>\t\t<section data-particle_enable=\"false\" data-particle-mobile-disabled=\"false\" class=\"elementor-section elementor-top-section elementor-element elementor-element-48b303f elementor-section-height-min-height elementor-section-boxed elementor-section-height-default elementor-section-items-middle\" data-id=\"48b303f\" data-element_type=\"section\" data-e-type=\"section\" data-settings=\"{&quot;background_background&quot;:&quot;classic&quot;}\">\n\t\t\t\t\t\t<div class=\"elementor-container elementor-column-gap-default\">\n\t\t\t\t\t<div class=\"elementor-column elementor-col-100 elementor-top-column elementor-element elementor-element-0ae98ea\" data-id=\"0ae98ea\" data-element_type=\"column\" data-e-type=\"column\">\n\t\t\t<div class=\"elementor-widget-wrap elementor-element-populated\">\n\t\t\t\t\t\t<section data-particle_enable=\"false\" data-particle-mobile-disabled=\"false\" class=\"elementor-section elementor-inner-section elementor-element elementor-element-e1bbc07 section-pull-left elementor-section-boxed elementor-section-height-default elementor-section-height-default\" data-id=\"e1bbc07\" data-element_type=\"section\" data-e-type=\"section\">\n\t\t\t\t\t\t<div class=\"elementor-container elementor-column-gap-default\">\n\t\t\t\t\t<div class=\"elementor-column elementor-col-100 elementor-inner-column elementor-element elementor-element-47b63f9\" data-id=\"47b63f9\" data-element_type=\"column\" data-e-type=\"column\" data-settings=\"{&quot;background_background&quot;:&quot;classic&quot;}\">\n\t\t\t<div class=\"elementor-widget-wrap elementor-element-populated\">\n\t\t\t\t\t\t<div class=\"elementor-element elementor-element-e162ae8 elementor-widget elementor-widget-heading\" data-id=\"e162ae8\" data-element_type=\"widget\" data-e-type=\"widget\" data-widget_type=\"heading.default\">\n\t\t\t\t<div class=\"elementor-widget-container\">\n\t\t\t\t\t<h2 class=\"elementor-heading-title elementor-size-default\"><a href=\"https:\/\/childrenfirstcanada.org\/fr\/campaign\/countdown-for-kids\/\">Compte \u00e0 rebours pour les enfants<\/a><\/h2>\t\t\t\t<\/div>\n\t\t\t\t<\/div>\n\t\t\t\t<div class=\"elementor-element elementor-element-98e346b elementor-widget elementor-widget-text-editor\" data-id=\"98e346b\" data-element_type=\"widget\" data-e-type=\"widget\" data-widget_type=\"text-editor.default\">\n\t\t\t\t<div class=\"elementor-widget-container\">\n\t\t\t\t\t\t\t\t\tUne campagne nationale de 40 jours demandant au gouvernement du Canada de r\u00e9introduire la Loi sur la s\u00e9curit\u00e9 en ligne avant le 31 d\u00e9cembre.\t\t\t\t\t\t\t\t<\/div>\n\t\t\t\t<\/div>\n\t\t\t\t<div class=\"elementor-element elementor-element-243880a elementor-widget elementor-widget-shortcode\" data-id=\"243880a\" data-element_type=\"widget\" data-e-type=\"widget\" data-widget_type=\"shortcode.default\">\n\t\t\t\t<div class=\"elementor-widget-container\">\n\t\t\t\t\t\t\t<div class=\"elementor-shortcode\">\r\n      <a class=\"btn\" href=\"https:\/\/childrenfirstcanada.org\/fr\/campaign\/countdown-for-kids\/\">EN SAVOIR PLUS<\/a>\r\n  \r\n  <\/div>\n\t\t\t\t\t\t<\/div>\n\t\t\t\t<\/div>\n\t\t\t\t\t<\/div>\n\t\t<\/div>\n\t\t\t\t\t<\/div>\n\t\t<\/section>\n\t\t\t\t\t<\/div>\n\t\t<\/div>\n\t\t\t\t\t<\/div>\n\t\t<\/section>\n\t\t\t\t<\/div>\n\t\t\t\t<\/article>\n\t\t\t\t<article id=\"post-139528\" class=\"elementor-post elementor-grid-item ecs-post-loop post-139528 campaign type-campaign status-publish has-post-thumbnail hentry\">\n\t\t\t\t<div data-elementor-type=\"loop\" data-elementor-id=\"609\" class=\"elementor elementor-609 post-139528 campaign type-campaign status-publish has-post-thumbnail hentry\" data-elementor-post-type=\"elementor_library\">\n\t\t\t<style>#post-139528 .elementor-609 .elementor-element.elementor-element-48b303f:not(.elementor-motion-effects-element-type-background), #post-139528 .elementor-609 .elementor-element.elementor-element-48b303f > .elementor-motion-effects-container > .elementor-motion-effects-layer{background-image: url(\"https:\/\/childrenfirstcanada.org\/wp-content\/uploads\/2025\/02\/CFC_gold-FIN_slider_ENG.jpg\");}<\/style>\t\t<section data-particle_enable=\"false\" data-particle-mobile-disabled=\"false\" class=\"elementor-section elementor-top-section elementor-element elementor-element-48b303f elementor-section-height-min-height elementor-section-boxed elementor-section-height-default elementor-section-items-middle\" data-id=\"48b303f\" data-element_type=\"section\" data-e-type=\"section\" data-settings=\"{&quot;background_background&quot;:&quot;classic&quot;}\">\n\t\t\t\t\t\t<div class=\"elementor-container elementor-column-gap-default\">\n\t\t\t\t\t<div class=\"elementor-column elementor-col-100 elementor-top-column elementor-element elementor-element-0ae98ea\" data-id=\"0ae98ea\" data-element_type=\"column\" data-e-type=\"column\">\n\t\t\t<div class=\"elementor-widget-wrap elementor-element-populated\">\n\t\t\t\t\t\t<section data-particle_enable=\"false\" data-particle-mobile-disabled=\"false\" class=\"elementor-section elementor-inner-section elementor-element elementor-element-e1bbc07 section-pull-left elementor-section-boxed elementor-section-height-default elementor-section-height-default\" data-id=\"e1bbc07\" data-element_type=\"section\" data-e-type=\"section\">\n\t\t\t\t\t\t<div class=\"elementor-container elementor-column-gap-default\">\n\t\t\t\t\t<div class=\"elementor-column elementor-col-100 elementor-inner-column elementor-element elementor-element-47b63f9\" data-id=\"47b63f9\" data-element_type=\"column\" data-e-type=\"column\" data-settings=\"{&quot;background_background&quot;:&quot;classic&quot;}\">\n\t\t\t<div class=\"elementor-widget-wrap elementor-element-populated\">\n\t\t\t\t\t\t<div class=\"elementor-element elementor-element-e162ae8 elementor-widget elementor-widget-heading\" data-id=\"e162ae8\" data-element_type=\"widget\" data-e-type=\"widget\" data-widget_type=\"heading.default\">\n\t\t\t\t<div class=\"elementor-widget-container\">\n\t\t\t\t\t<h2 class=\"elementor-heading-title elementor-size-default\"><a href=\"https:\/\/childrenfirstcanada.org\/fr\/campaign\/the-future-is-now-awards\/\">Le futur, c&#039;est maintenant ! Prix<\/a><\/h2>\t\t\t\t<\/div>\n\t\t\t\t<\/div>\n\t\t\t\t<div class=\"elementor-element elementor-element-98e346b elementor-widget elementor-widget-text-editor\" data-id=\"98e346b\" data-element_type=\"widget\" data-e-type=\"widget\" data-widget_type=\"text-editor.default\">\n\t\t\t\t<div class=\"elementor-widget-container\">\n\t\t\t\t\t\t\t\t\tJoignez-vous \u00e0 nous pour les prix \u00ab L&#039;avenir c&#039;est MAINTENANT! \u00bb \u2014 une c\u00e9l\u00e9bration vibrante des plus jeunes acteurs du changement du Canada qui se consacrent \u00e0 b\u00e2tir un avenir meilleur et plus inclusif pour tous.\t\t\t\t\t\t\t\t<\/div>\n\t\t\t\t<\/div>\n\t\t\t\t<div class=\"elementor-element elementor-element-243880a elementor-widget elementor-widget-shortcode\" data-id=\"243880a\" data-element_type=\"widget\" data-e-type=\"widget\" data-widget_type=\"shortcode.default\">\n\t\t\t\t<div class=\"elementor-widget-container\">\n\t\t\t\t\t\t\t<div class=\"elementor-shortcode\">\r\n      <a class=\"btn\" href=\"https:\/\/childrenfirstcanada.org\/fr\/the-future-is-now-awards\/\" target=\"_blank\">EN SAVOIR PLUS<\/a>\r\n  \r\n  <\/div>\n\t\t\t\t\t\t<\/div>\n\t\t\t\t<\/div>\n\t\t\t\t\t<\/div>\n\t\t<\/div>\n\t\t\t\t\t<\/div>\n\t\t<\/section>\n\t\t\t\t\t<\/div>\n\t\t<\/div>\n\t\t\t\t\t<\/div>\n\t\t<\/section>\n\t\t\t\t<\/div>\n\t\t\t\t<\/article>\n\t\t\t\t<article id=\"post-139246\" class=\"elementor-post elementor-grid-item ecs-post-loop post-139246 campaign type-campaign status-publish has-post-thumbnail hentry\">\n\t\t\t\t<div data-elementor-type=\"loop\" data-elementor-id=\"609\" class=\"elementor elementor-609 post-139246 campaign type-campaign status-publish has-post-thumbnail hentry\" data-elementor-post-type=\"elementor_library\">\n\t\t\t<style>#post-139246 .elementor-609 .elementor-element.elementor-element-48b303f:not(.elementor-motion-effects-element-type-background), #post-139246 .elementor-609 .elementor-element.elementor-element-48b303f > .elementor-motion-effects-container > .elementor-motion-effects-layer{background-image: url(\"https:\/\/childrenfirstcanada.org\/wp-content\/uploads\/2024\/07\/Featured-Image-for-the-BBB.png\");}<\/style>\t\t<section data-particle_enable=\"false\" data-particle-mobile-disabled=\"false\" class=\"elementor-section elementor-top-section elementor-element elementor-element-48b303f elementor-section-height-min-height elementor-section-boxed elementor-section-height-default elementor-section-items-middle\" data-id=\"48b303f\" data-element_type=\"section\" data-e-type=\"section\" data-settings=\"{&quot;background_background&quot;:&quot;classic&quot;}\">\n\t\t\t\t\t\t<div class=\"elementor-container elementor-column-gap-default\">\n\t\t\t\t\t<div class=\"elementor-column elementor-col-100 elementor-top-column elementor-element elementor-element-0ae98ea\" data-id=\"0ae98ea\" data-element_type=\"column\" data-e-type=\"column\">\n\t\t\t<div class=\"elementor-widget-wrap elementor-element-populated\">\n\t\t\t\t\t\t<section data-particle_enable=\"false\" data-particle-mobile-disabled=\"false\" class=\"elementor-section elementor-inner-section elementor-element elementor-element-e1bbc07 section-pull-left elementor-section-boxed elementor-section-height-default elementor-section-height-default\" data-id=\"e1bbc07\" data-element_type=\"section\" data-e-type=\"section\">\n\t\t\t\t\t\t<div class=\"elementor-container elementor-column-gap-default\">\n\t\t\t\t\t<div class=\"elementor-column elementor-col-100 elementor-inner-column elementor-element elementor-element-47b63f9\" data-id=\"47b63f9\" data-element_type=\"column\" data-e-type=\"column\" data-settings=\"{&quot;background_background&quot;:&quot;classic&quot;}\">\n\t\t\t<div class=\"elementor-widget-wrap elementor-element-populated\">\n\t\t\t\t\t\t<div class=\"elementor-element elementor-element-e162ae8 elementor-widget elementor-widget-heading\" data-id=\"e162ae8\" data-element_type=\"widget\" data-e-type=\"widget\" data-widget_type=\"heading.default\">\n\t\t\t\t<div class=\"elementor-widget-container\">\n\t\t\t\t\t<h2 class=\"elementor-heading-title elementor-size-default\"><a href=\"https:\/\/childrenfirstcanada.org\/fr\/campaign\/being-belonging-becoming-program\/\">\u00catre, appartenir, devenir<\/a><\/h2>\t\t\t\t<\/div>\n\t\t\t\t<\/div>\n\t\t\t\t<div class=\"elementor-element elementor-element-98e346b elementor-widget elementor-widget-text-editor\" data-id=\"98e346b\" data-element_type=\"widget\" data-e-type=\"widget\" data-widget_type=\"text-editor.default\">\n\t\t\t\t<div class=\"elementor-widget-container\">\n\t\t\t\t\t\t\t\t\tAm\u00e9liorer la sant\u00e9 mentale et la r\u00e9silience des jeunes.\t\t\t\t\t\t\t\t<\/div>\n\t\t\t\t<\/div>\n\t\t\t\t<div class=\"elementor-element elementor-element-243880a elementor-widget elementor-widget-shortcode\" data-id=\"243880a\" data-element_type=\"widget\" data-e-type=\"widget\" data-widget_type=\"shortcode.default\">\n\t\t\t\t<div class=\"elementor-widget-container\">\n\t\t\t\t\t\t\t<div class=\"elementor-shortcode\">\r\n      <a class=\"btn\" href=\"https:\/\/childrenfirstcanada.org\/fr\/campaign\/being-belonging-becoming-program\/\">EN SAVOIR PLUS<\/a>\r\n  \r\n  <\/div>\n\t\t\t\t\t\t<\/div>\n\t\t\t\t<\/div>\n\t\t\t\t\t<\/div>\n\t\t<\/div>\n\t\t\t\t\t<\/div>\n\t\t<\/section>\n\t\t\t\t\t<\/div>\n\t\t<\/div>\n\t\t\t\t\t<\/div>\n\t\t<\/section>\n\t\t\t\t<\/div>\n\t\t\t\t<\/article>\n\t\t\t\t<article id=\"post-313\" class=\"elementor-post elementor-grid-item ecs-post-loop post-313 campaign type-campaign status-publish has-post-thumbnail hentry\">\n\t\t\t\t<div data-elementor-type=\"loop\" data-elementor-id=\"609\" class=\"elementor elementor-609 post-313 campaign type-campaign status-publish has-post-thumbnail hentry\" data-elementor-post-type=\"elementor_library\">\n\t\t\t<style>#post-313 .elementor-609 .elementor-element.elementor-element-48b303f:not(.elementor-motion-effects-element-type-background), #post-313 .elementor-609 .elementor-element.elementor-element-48b303f > .elementor-motion-effects-container > .elementor-motion-effects-layer{background-image: url(\"https:\/\/childrenfirstcanada.org\/wp-content\/uploads\/2021\/02\/covid-campaign.png\");}<\/style>\t\t<section data-particle_enable=\"false\" data-particle-mobile-disabled=\"false\" class=\"elementor-section elementor-top-section elementor-element elementor-element-48b303f elementor-section-height-min-height elementor-section-boxed elementor-section-height-default elementor-section-items-middle\" data-id=\"48b303f\" data-element_type=\"section\" data-e-type=\"section\" data-settings=\"{&quot;background_background&quot;:&quot;classic&quot;}\">\n\t\t\t\t\t\t<div class=\"elementor-container elementor-column-gap-default\">\n\t\t\t\t\t<div class=\"elementor-column elementor-col-100 elementor-top-column elementor-element elementor-element-0ae98ea\" data-id=\"0ae98ea\" data-element_type=\"column\" data-e-type=\"column\">\n\t\t\t<div class=\"elementor-widget-wrap elementor-element-populated\">\n\t\t\t\t\t\t<section data-particle_enable=\"false\" data-particle-mobile-disabled=\"false\" class=\"elementor-section elementor-inner-section elementor-element elementor-element-e1bbc07 section-pull-left elementor-section-boxed elementor-section-height-default elementor-section-height-default\" data-id=\"e1bbc07\" data-element_type=\"section\" data-e-type=\"section\">\n\t\t\t\t\t\t<div class=\"elementor-container elementor-column-gap-default\">\n\t\t\t\t\t<div class=\"elementor-column elementor-col-100 elementor-inner-column elementor-element elementor-element-47b63f9\" data-id=\"47b63f9\" data-element_type=\"column\" data-e-type=\"column\" data-settings=\"{&quot;background_background&quot;:&quot;classic&quot;}\">\n\t\t\t<div class=\"elementor-widget-wrap elementor-element-populated\">\n\t\t\t\t\t\t<div class=\"elementor-element elementor-element-e162ae8 elementor-widget elementor-widget-heading\" data-id=\"e162ae8\" data-element_type=\"widget\" data-e-type=\"widget\" data-widget_type=\"heading.default\">\n\t\t\t\t<div class=\"elementor-widget-container\">\n\t\t\t\t\t<h2 class=\"elementor-heading-title elementor-size-default\"><a href=\"https:\/\/childrenfirstcanada.org\/fr\/campaign\/covid-19-lifting-the-burden-on-kids\/\">COVID-19 : Lever le fardeau qui p\u00e8se sur les enfants<\/a><\/h2>\t\t\t\t<\/div>\n\t\t\t\t<\/div>\n\t\t\t\t<div class=\"elementor-element elementor-element-98e346b elementor-widget elementor-widget-text-editor\" data-id=\"98e346b\" data-element_type=\"widget\" data-e-type=\"widget\" data-widget_type=\"text-editor.default\">\n\t\t\t\t<div class=\"elementor-widget-container\">\n\t\t\t\t\t\t\t\t\tLa pand\u00e9mie a entra\u00een\u00e9 des d\u00e9fis sans pr\u00e9c\u00e9dent pour les enfants et les jeunes. Enfants d'abord Canada m\u00e8ne une action nationale pour att\u00e9nuer les cons\u00e9quences de la pand\u00e9mie sur les enfants.\t\t\t\t\t\t\t\t<\/div>\n\t\t\t\t<\/div>\n\t\t\t\t<div class=\"elementor-element elementor-element-243880a elementor-widget elementor-widget-shortcode\" data-id=\"243880a\" data-element_type=\"widget\" data-e-type=\"widget\" data-widget_type=\"shortcode.default\">\n\t\t\t\t<div class=\"elementor-widget-container\">\n\t\t\t\t\t\t\t<div class=\"elementor-shortcode\">\r\n      <a class=\"btn\" href=\"https:\/\/childrenfirstcanada.org\/fr\/campaign\/covid-19-lifting-the-burden-on-kids\/\">EN SAVOIR PLUS<\/a>\r\n  \r\n  <\/div>\n\t\t\t\t\t\t<\/div>\n\t\t\t\t<\/div>\n\t\t\t\t\t<\/div>\n\t\t<\/div>\n\t\t\t\t\t<\/div>\n\t\t<\/section>\n\t\t\t\t\t<\/div>\n\t\t<\/div>\n\t\t\t\t\t<\/div>\n\t\t<\/section>\n\t\t\t\t<\/div>\n\t\t\t\t<\/article>\n\t\t\t\t<article id=\"post-139450\" class=\"elementor-post elementor-grid-item ecs-post-loop post-139450 campaign type-campaign status-publish has-post-thumbnail hentry\">\n\t\t\t\t<div data-elementor-type=\"loop\" data-elementor-id=\"609\" class=\"elementor elementor-609 post-139450 campaign type-campaign status-publish has-post-thumbnail hentry\" data-elementor-post-type=\"elementor_library\">\n\t\t\t<style>#post-139450 .elementor-609 .elementor-element.elementor-element-48b303f:not(.elementor-motion-effects-element-type-background), #post-139450 .elementor-609 .elementor-element.elementor-element-48b303f > .elementor-motion-effects-container > .elementor-motion-effects-layer{background-image: url(\"https:\/\/childrenfirstcanada.org\/wp-content\/uploads\/2025\/03\/SDG-accelerator-banner-67-x-22-in.png\");}<\/style>\t\t<section data-particle_enable=\"false\" data-particle-mobile-disabled=\"false\" class=\"elementor-section elementor-top-section elementor-element elementor-element-48b303f elementor-section-height-min-height elementor-section-boxed elementor-section-height-default elementor-section-items-middle\" data-id=\"48b303f\" data-element_type=\"section\" data-e-type=\"section\" data-settings=\"{&quot;background_background&quot;:&quot;classic&quot;}\">\n\t\t\t\t\t\t<div class=\"elementor-container elementor-column-gap-default\">\n\t\t\t\t\t<div class=\"elementor-column elementor-col-100 elementor-top-column elementor-element elementor-element-0ae98ea\" data-id=\"0ae98ea\" data-element_type=\"column\" data-e-type=\"column\">\n\t\t\t<div class=\"elementor-widget-wrap elementor-element-populated\">\n\t\t\t\t\t\t<section data-particle_enable=\"false\" data-particle-mobile-disabled=\"false\" class=\"elementor-section elementor-inner-section elementor-element elementor-element-e1bbc07 section-pull-left elementor-section-boxed elementor-section-height-default elementor-section-height-default\" data-id=\"e1bbc07\" data-element_type=\"section\" data-e-type=\"section\">\n\t\t\t\t\t\t<div class=\"elementor-container elementor-column-gap-default\">\n\t\t\t\t\t<div class=\"elementor-column elementor-col-100 elementor-inner-column elementor-element elementor-element-47b63f9\" data-id=\"47b63f9\" data-element_type=\"column\" data-e-type=\"column\" data-settings=\"{&quot;background_background&quot;:&quot;classic&quot;}\">\n\t\t\t<div class=\"elementor-widget-wrap elementor-element-populated\">\n\t\t\t\t\t\t<div class=\"elementor-element elementor-element-e162ae8 elementor-widget elementor-widget-heading\" data-id=\"e162ae8\" data-element_type=\"widget\" data-e-type=\"widget\" data-widget_type=\"heading.default\">\n\t\t\t\t<div class=\"elementor-widget-container\">\n\t\t\t\t\t<h2 class=\"elementor-heading-title elementor-size-default\"><a href=\"https:\/\/childrenfirstcanada.org\/fr\/campaign\/sdg-accelerator-program\/\">Programme d&#039;acc\u00e9l\u00e9ration des ODD<\/a><\/h2>\t\t\t\t<\/div>\n\t\t\t\t<\/div>\n\t\t\t\t<div class=\"elementor-element elementor-element-98e346b elementor-widget elementor-widget-text-editor\" data-id=\"98e346b\" data-element_type=\"widget\" data-e-type=\"widget\" data-widget_type=\"text-editor.default\">\n\t\t\t\t<div class=\"elementor-widget-container\">\n\t\t\t\t\t\t\t\t\tLe Programme d\u2019acc\u00e9l\u00e9ration des ODD est une initiative nationale destin\u00e9e aux jeunes de 12 \u00e0 18 ans qui souhaitent faire une diff\u00e9rence dans leur communaut\u00e9 tout en aidant le Canada \u00e0 atteindre les Objectifs de d\u00e9veloppement durable (ODD) des Nations Unies.\t\t\t\t\t\t\t\t<\/div>\n\t\t\t\t<\/div>\n\t\t\t\t<div class=\"elementor-element elementor-element-243880a elementor-widget elementor-widget-shortcode\" data-id=\"243880a\" data-element_type=\"widget\" data-e-type=\"widget\" data-widget_type=\"shortcode.default\">\n\t\t\t\t<div class=\"elementor-widget-container\">\n\t\t\t\t\t\t\t<div class=\"elementor-shortcode\">\r\n      <a class=\"btn\" href=\"https:\/\/childrenfirstcanada.org\/fr\/campaign\/sdg-accelerator-program\/\">EN SAVOIR PLUS<\/a>\r\n  \r\n  <\/div>\n\t\t\t\t\t\t<\/div>\n\t\t\t\t<\/div>\n\t\t\t\t\t<\/div>\n\t\t<\/div>\n\t\t\t\t\t<\/div>\n\t\t<\/section>\n\t\t\t\t\t<\/div>\n\t\t<\/div>\n\t\t\t\t\t<\/div>\n\t\t<\/section>\n\t\t\t\t<\/div>\n\t\t\t\t<\/article>\n\t\t\t\t<article id=\"post-598\" class=\"elementor-post elementor-grid-item ecs-post-loop post-598 campaign type-campaign status-publish has-post-thumbnail hentry\">\n\t\t\t\t<div data-elementor-type=\"loop\" data-elementor-id=\"609\" class=\"elementor elementor-609 post-598 campaign type-campaign status-publish has-post-thumbnail hentry\" data-elementor-post-type=\"elementor_library\">\n\t\t\t<style>#post-598 .elementor-609 .elementor-element.elementor-element-48b303f:not(.elementor-motion-effects-element-type-background), #post-598 .elementor-609 .elementor-element.elementor-element-48b303f > .elementor-motion-effects-container > .elementor-motion-effects-layer{background-image: url(\"https:\/\/childrenfirstcanada.org\/wp-content\/uploads\/2021\/02\/young-canadians-parliament-campaign.png\");}<\/style>\t\t<section data-particle_enable=\"false\" data-particle-mobile-disabled=\"false\" class=\"elementor-section elementor-top-section elementor-element elementor-element-48b303f elementor-section-height-min-height elementor-section-boxed elementor-section-height-default elementor-section-items-middle\" data-id=\"48b303f\" data-element_type=\"section\" data-e-type=\"section\" data-settings=\"{&quot;background_background&quot;:&quot;classic&quot;}\">\n\t\t\t\t\t\t<div class=\"elementor-container elementor-column-gap-default\">\n\t\t\t\t\t<div class=\"elementor-column elementor-col-100 elementor-top-column elementor-element elementor-element-0ae98ea\" data-id=\"0ae98ea\" data-element_type=\"column\" data-e-type=\"column\">\n\t\t\t<div class=\"elementor-widget-wrap elementor-element-populated\">\n\t\t\t\t\t\t<section data-particle_enable=\"false\" data-particle-mobile-disabled=\"false\" class=\"elementor-section elementor-inner-section elementor-element elementor-element-e1bbc07 section-pull-left elementor-section-boxed elementor-section-height-default elementor-section-height-default\" data-id=\"e1bbc07\" data-element_type=\"section\" data-e-type=\"section\">\n\t\t\t\t\t\t<div class=\"elementor-container elementor-column-gap-default\">\n\t\t\t\t\t<div class=\"elementor-column elementor-col-100 elementor-inner-column elementor-element elementor-element-47b63f9\" data-id=\"47b63f9\" data-element_type=\"column\" data-e-type=\"column\" data-settings=\"{&quot;background_background&quot;:&quot;classic&quot;}\">\n\t\t\t<div class=\"elementor-widget-wrap elementor-element-populated\">\n\t\t\t\t\t\t<div class=\"elementor-element elementor-element-e162ae8 elementor-widget elementor-widget-heading\" data-id=\"e162ae8\" data-element_type=\"widget\" data-e-type=\"widget\" data-widget_type=\"heading.default\">\n\t\t\t\t<div class=\"elementor-widget-container\">\n\t\t\t\t\t<h2 class=\"elementor-heading-title elementor-size-default\"><a href=\"https:\/\/childrenfirstcanada.org\/fr\/campaign\/young-canadians-parliament\/\">Parlement des jeunes canadien(ne)s<\/a><\/h2>\t\t\t\t<\/div>\n\t\t\t\t<\/div>\n\t\t\t\t<div class=\"elementor-element elementor-element-98e346b elementor-widget elementor-widget-text-editor\" data-id=\"98e346b\" data-element_type=\"widget\" data-e-type=\"widget\" data-widget_type=\"text-editor.default\">\n\t\t\t\t<div class=\"elementor-widget-container\">\n\t\t\t\t\t\t\t\t\tLes enfants ont des id\u00e9es et des opinions pr\u00e9cieuses. Le Parlement des jeunes canadien(ne)s est un mouvement croissant de jeunes de moins de 18 ans qui d\u00e9fendent leurs droits et partagent leurs opinions avec des parlementaires.\t\t\t\t\t\t\t\t<\/div>\n\t\t\t\t<\/div>\n\t\t\t\t<div class=\"elementor-element elementor-element-243880a elementor-widget elementor-widget-shortcode\" data-id=\"243880a\" data-element_type=\"widget\" data-e-type=\"widget\" data-widget_type=\"shortcode.default\">\n\t\t\t\t<div class=\"elementor-widget-container\">\n\t\t\t\t\t\t\t<div class=\"elementor-shortcode\">\r\n      <a class=\"btn\" href=\"https:\/\/childrenfirstcanada.org\/fr\/campaign\/young-canadians-parliament\/\">EN SAVOIR PLUS<\/a>\r\n  \r\n  <\/div>\n\t\t\t\t\t\t<\/div>\n\t\t\t\t<\/div>\n\t\t\t\t\t<\/div>\n\t\t<\/div>\n\t\t\t\t\t<\/div>\n\t\t<\/section>\n\t\t\t\t\t<\/div>\n\t\t<\/div>\n\t\t\t\t\t<\/div>\n\t\t<\/section>\n\t\t\t\t<\/div>\n\t\t\t\t<\/article>\n\t\t\t\t<article id=\"post-602\" class=\"elementor-post elementor-grid-item ecs-post-loop post-602 campaign type-campaign status-publish has-post-thumbnail hentry\">\n\t\t\t\t<div data-elementor-type=\"loop\" data-elementor-id=\"609\" class=\"elementor elementor-609 post-602 campaign type-campaign status-publish has-post-thumbnail hentry\" data-elementor-post-type=\"elementor_library\">\n\t\t\t<style>#post-602 .elementor-609 .elementor-element.elementor-element-48b303f:not(.elementor-motion-effects-element-type-background), #post-602 .elementor-609 .elementor-element.elementor-element-48b303f > .elementor-motion-effects-container > .elementor-motion-effects-layer{background-image: url(\"https:\/\/childrenfirstcanada.org\/wp-content\/uploads\/2021\/02\/NCD-web_1590x430_2024_compressed.png\");}<\/style>\t\t<section data-particle_enable=\"false\" data-particle-mobile-disabled=\"false\" class=\"elementor-section elementor-top-section elementor-element elementor-element-48b303f elementor-section-height-min-height elementor-section-boxed elementor-section-height-default elementor-section-items-middle\" data-id=\"48b303f\" data-element_type=\"section\" data-e-type=\"section\" data-settings=\"{&quot;background_background&quot;:&quot;classic&quot;}\">\n\t\t\t\t\t\t<div class=\"elementor-container elementor-column-gap-default\">\n\t\t\t\t\t<div class=\"elementor-column elementor-col-100 elementor-top-column elementor-element elementor-element-0ae98ea\" data-id=\"0ae98ea\" data-element_type=\"column\" data-e-type=\"column\">\n\t\t\t<div class=\"elementor-widget-wrap elementor-element-populated\">\n\t\t\t\t\t\t<section data-particle_enable=\"false\" data-particle-mobile-disabled=\"false\" class=\"elementor-section elementor-inner-section elementor-element elementor-element-e1bbc07 section-pull-left elementor-section-boxed elementor-section-height-default elementor-section-height-default\" data-id=\"e1bbc07\" data-element_type=\"section\" data-e-type=\"section\">\n\t\t\t\t\t\t<div class=\"elementor-container elementor-column-gap-default\">\n\t\t\t\t\t<div class=\"elementor-column elementor-col-100 elementor-inner-column elementor-element elementor-element-47b63f9\" data-id=\"47b63f9\" data-element_type=\"column\" data-e-type=\"column\" data-settings=\"{&quot;background_background&quot;:&quot;classic&quot;}\">\n\t\t\t<div class=\"elementor-widget-wrap elementor-element-populated\">\n\t\t\t\t\t\t<div class=\"elementor-element elementor-element-e162ae8 elementor-widget elementor-widget-heading\" data-id=\"e162ae8\" data-element_type=\"widget\" data-e-type=\"widget\" data-widget_type=\"heading.default\">\n\t\t\t\t<div class=\"elementor-widget-container\">\n\t\t\t\t\t<h2 class=\"elementor-heading-title elementor-size-default\"><a href=\"https:\/\/childrenfirstcanada.org\/fr\/campaign\/national-child-day\/\">Journ\u00e9e nationale de l'enfant<\/a><\/h2>\t\t\t\t<\/div>\n\t\t\t\t<\/div>\n\t\t\t\t<div class=\"elementor-element elementor-element-98e346b elementor-widget elementor-widget-text-editor\" data-id=\"98e346b\" data-element_type=\"widget\" data-e-type=\"widget\" data-widget_type=\"text-editor.default\">\n\t\t\t\t<div class=\"elementor-widget-container\">\n\t\t\t\t\t\t\t\t\tLe 20 novembre est la journ\u00e9e nationale de l'enfant au Canada. C'est l'occasion de promouvoir les droits de l'enfant et de faire entendre la voix des jeunes Canadiens. Participez aux festivit\u00e9s d'un oc\u00e9an \u00e0 l'autre !\t\t\t\t\t\t\t\t<\/div>\n\t\t\t\t<\/div>\n\t\t\t\t<div class=\"elementor-element elementor-element-243880a elementor-widget elementor-widget-shortcode\" data-id=\"243880a\" data-element_type=\"widget\" data-e-type=\"widget\" data-widget_type=\"shortcode.default\">\n\t\t\t\t<div class=\"elementor-widget-container\">\n\t\t\t\t\t\t\t<div class=\"elementor-shortcode\">\r\n      <a class=\"btn\" href=\"https:\/\/nationalchildday.org\/\" target=\"_blank\">EN SAVOIR PLUS<\/a>\r\n  \r\n  <\/div>\n\t\t\t\t\t\t<\/div>\n\t\t\t\t<\/div>\n\t\t\t\t\t<\/div>\n\t\t<\/div>\n\t\t\t\t\t<\/div>\n\t\t<\/section>\n\t\t\t\t\t<\/div>\n\t\t<\/div>\n\t\t\t\t\t<\/div>\n\t\t<\/section>\n\t\t\t\t<\/div>\n\t\t\t\t<\/article>\n\t\t\t\t<article id=\"post-601\" class=\"elementor-post elementor-grid-item ecs-post-loop post-601 campaign type-campaign status-publish has-post-thumbnail hentry\">\n\t\t\t\t<div data-elementor-type=\"loop\" data-elementor-id=\"609\" class=\"elementor elementor-609 post-601 campaign type-campaign status-publish has-post-thumbnail hentry\" data-elementor-post-type=\"elementor_library\">\n\t\t\t<style>#post-601 .elementor-609 .elementor-element.elementor-element-48b303f:not(.elementor-motion-effects-element-type-background), #post-601 .elementor-609 .elementor-element.elementor-element-48b303f > .elementor-motion-effects-container > .elementor-motion-effects-layer{background-image: url(\"https:\/\/childrenfirstcanada.org\/wp-content\/uploads\/2021\/02\/RC-What-We-Do-Page-scaled.jpg\");}<\/style>\t\t<section data-particle_enable=\"false\" data-particle-mobile-disabled=\"false\" class=\"elementor-section elementor-top-section elementor-element elementor-element-48b303f elementor-section-height-min-height elementor-section-boxed elementor-section-height-default elementor-section-items-middle\" data-id=\"48b303f\" data-element_type=\"section\" data-e-type=\"section\" data-settings=\"{&quot;background_background&quot;:&quot;classic&quot;}\">\n\t\t\t\t\t\t<div class=\"elementor-container elementor-column-gap-default\">\n\t\t\t\t\t<div class=\"elementor-column elementor-col-100 elementor-top-column elementor-element elementor-element-0ae98ea\" data-id=\"0ae98ea\" data-element_type=\"column\" data-e-type=\"column\">\n\t\t\t<div class=\"elementor-widget-wrap elementor-element-populated\">\n\t\t\t\t\t\t<section data-particle_enable=\"false\" data-particle-mobile-disabled=\"false\" class=\"elementor-section elementor-inner-section elementor-element elementor-element-e1bbc07 section-pull-left elementor-section-boxed elementor-section-height-default elementor-section-height-default\" data-id=\"e1bbc07\" data-element_type=\"section\" data-e-type=\"section\">\n\t\t\t\t\t\t<div class=\"elementor-container elementor-column-gap-default\">\n\t\t\t\t\t<div class=\"elementor-column elementor-col-100 elementor-inner-column elementor-element elementor-element-47b63f9\" data-id=\"47b63f9\" data-element_type=\"column\" data-e-type=\"column\" data-settings=\"{&quot;background_background&quot;:&quot;classic&quot;}\">\n\t\t\t<div class=\"elementor-widget-wrap elementor-element-populated\">\n\t\t\t\t\t\t<div class=\"elementor-element elementor-element-e162ae8 elementor-widget elementor-widget-heading\" data-id=\"e162ae8\" data-element_type=\"widget\" data-e-type=\"widget\" data-widget_type=\"heading.default\">\n\t\t\t\t<div class=\"elementor-widget-container\">\n\t\t\t\t\t<h2 class=\"elementor-heading-title elementor-size-default\"><a href=\"https:\/\/childrenfirstcanada.org\/fr\/campaign\/raising-canada\/\">\u00c9lever le Canada<\/a><\/h2>\t\t\t\t<\/div>\n\t\t\t\t<\/div>\n\t\t\t\t<div class=\"elementor-element elementor-element-98e346b elementor-widget elementor-widget-text-editor\" data-id=\"98e346b\" data-element_type=\"widget\" data-e-type=\"widget\" data-widget_type=\"text-editor.default\">\n\t\t\t\t<div class=\"elementor-widget-container\">\n\t\t\t\t\t\t\t\t\tUn tiers des enfants au Canada ne b\u00e9n\u00e9ficient pas d'une enfance s\u00fbre et saine. Ce rapport annuel fait le point sur les dix principales menaces qui p\u00e8sent sur l'enfance et sur les mesures que les canadiens peuvent prendre. \t\t\t\t\t\t\t\t<\/div>\n\t\t\t\t<\/div>\n\t\t\t\t<div class=\"elementor-element elementor-element-243880a elementor-widget elementor-widget-shortcode\" data-id=\"243880a\" data-element_type=\"widget\" data-e-type=\"widget\" data-widget_type=\"shortcode.default\">\n\t\t\t\t<div class=\"elementor-widget-container\">\n\t\t\t\t\t\t\t<div class=\"elementor-shortcode\">\r\n      <a class=\"btn\" href=\"https:\/\/childrenfirstcanada.org\/fr\/campaign\/raising-canada\/\">EN SAVOIR PLUS<\/a>\r\n  \r\n  <\/div>\n\t\t\t\t\t\t<\/div>\n\t\t\t\t<\/div>\n\t\t\t\t\t<\/div>\n\t\t<\/div>\n\t\t\t\t\t<\/div>\n\t\t<\/section>\n\t\t\t\t\t<\/div>\n\t\t<\/div>\n\t\t\t\t\t<\/div>\n\t\t<\/section>\n\t\t\t\t<\/div>\n\t\t\t\t<\/article>\n\t\t\t\t<article id=\"post-600\" class=\"elementor-post elementor-grid-item ecs-post-loop post-600 campaign type-campaign status-publish has-post-thumbnail hentry\">\n\t\t\t\t<div data-elementor-type=\"loop\" data-elementor-id=\"609\" class=\"elementor elementor-609 post-600 campaign type-campaign status-publish has-post-thumbnail hentry\" data-elementor-post-type=\"elementor_library\">\n\t\t\t<style>#post-600 .elementor-609 .elementor-element.elementor-element-48b303f:not(.elementor-motion-effects-element-type-background), #post-600 .elementor-609 .elementor-element.elementor-element-48b303f > .elementor-motion-effects-container > .elementor-motion-effects-layer{background-image: url(\"https:\/\/childrenfirstcanada.org\/wp-content\/uploads\/2021\/02\/1fv064p9.bmp\");}<\/style>\t\t<section data-particle_enable=\"false\" data-particle-mobile-disabled=\"false\" class=\"elementor-section elementor-top-section elementor-element elementor-element-48b303f elementor-section-height-min-height elementor-section-boxed elementor-section-height-default elementor-section-items-middle\" data-id=\"48b303f\" data-element_type=\"section\" data-e-type=\"section\" data-settings=\"{&quot;background_background&quot;:&quot;classic&quot;}\">\n\t\t\t\t\t\t<div class=\"elementor-container elementor-column-gap-default\">\n\t\t\t\t\t<div class=\"elementor-column elementor-col-100 elementor-top-column elementor-element elementor-element-0ae98ea\" data-id=\"0ae98ea\" data-element_type=\"column\" data-e-type=\"column\">\n\t\t\t<div class=\"elementor-widget-wrap elementor-element-populated\">\n\t\t\t\t\t\t<section data-particle_enable=\"false\" data-particle-mobile-disabled=\"false\" class=\"elementor-section elementor-inner-section elementor-element elementor-element-e1bbc07 section-pull-left elementor-section-boxed elementor-section-height-default elementor-section-height-default\" data-id=\"e1bbc07\" data-element_type=\"section\" data-e-type=\"section\">\n\t\t\t\t\t\t<div class=\"elementor-container elementor-column-gap-default\">\n\t\t\t\t\t<div class=\"elementor-column elementor-col-100 elementor-inner-column elementor-element elementor-element-47b63f9\" data-id=\"47b63f9\" data-element_type=\"column\" data-e-type=\"column\" data-settings=\"{&quot;background_background&quot;:&quot;classic&quot;}\">\n\t\t\t<div class=\"elementor-widget-wrap elementor-element-populated\">\n\t\t\t\t\t\t<div class=\"elementor-element elementor-element-e162ae8 elementor-widget elementor-widget-heading\" data-id=\"e162ae8\" data-element_type=\"widget\" data-e-type=\"widget\" data-widget_type=\"heading.default\">\n\t\t\t\t<div class=\"elementor-widget-container\">\n\t\t\t\t\t<h2 class=\"elementor-heading-title elementor-size-default\"><a href=\"https:\/\/childrenfirstcanada.org\/fr\/campaign\/canadian-childrens-charter\/\">Charte canadienne des enfants<\/a><\/h2>\t\t\t\t<\/div>\n\t\t\t\t<\/div>\n\t\t\t\t<div class=\"elementor-element elementor-element-98e346b elementor-widget elementor-widget-text-editor\" data-id=\"98e346b\" data-element_type=\"widget\" data-e-type=\"widget\" data-widget_type=\"text-editor.default\">\n\t\t\t\t<div class=\"elementor-widget-container\">\n\t\t\t\t\t\t\t\t\tEnfants d'abord Canada a mobilis\u00e9 des jeunes de tout le pays pour \u00e9tablir la premi\u00e8re charte nationale des enfants - un plan pour les enfants par les enfants.\t\t\t\t\t\t\t\t<\/div>\n\t\t\t\t<\/div>\n\t\t\t\t<div class=\"elementor-element elementor-element-243880a elementor-widget elementor-widget-shortcode\" data-id=\"243880a\" data-element_type=\"widget\" data-e-type=\"widget\" data-widget_type=\"shortcode.default\">\n\t\t\t\t<div class=\"elementor-widget-container\">\n\t\t\t\t\t\t\t<div class=\"elementor-shortcode\">\r\n      <a class=\"btn\" href=\"https:\/\/childrenfirstcanada.org\/fr\/campaign\/canadian-childrens-charter\/\">EN SAVOIR PLUS<\/a>\r\n  \r\n  <\/div>\n\t\t\t\t\t\t<\/div>\n\t\t\t\t<\/div>\n\t\t\t\t\t<\/div>\n\t\t<\/div>\n\t\t\t\t\t<\/div>\n\t\t<\/section>\n\t\t\t\t\t<\/div>\n\t\t<\/div>\n\t\t\t\t\t<\/div>\n\t\t<\/section>\n\t\t\t\t<\/div>\n\t\t\t\t<\/article>\n\t\t\t\t<article id=\"post-599\" class=\"elementor-post elementor-grid-item ecs-post-loop post-599 campaign type-campaign status-publish has-post-thumbnail hentry\">\n\t\t\t\t<div data-elementor-type=\"loop\" data-elementor-id=\"609\" class=\"elementor elementor-609 post-599 campaign type-campaign status-publish has-post-thumbnail hentry\" data-elementor-post-type=\"elementor_library\">\n\t\t\t<style>#post-599 .elementor-609 .elementor-element.elementor-element-48b303f:not(.elementor-motion-effects-element-type-background), #post-599 .elementor-609 .elementor-element.elementor-element-48b303f > .elementor-motion-effects-container > .elementor-motion-effects-layer{background-image: url(\"https:\/\/childrenfirstcanada.org\/wp-content\/uploads\/2021\/02\/Group-709.jpg\");}<\/style>\t\t<section data-particle_enable=\"false\" data-particle-mobile-disabled=\"false\" class=\"elementor-section elementor-top-section elementor-element elementor-element-48b303f elementor-section-height-min-height elementor-section-boxed elementor-section-height-default elementor-section-items-middle\" data-id=\"48b303f\" data-element_type=\"section\" data-e-type=\"section\" data-settings=\"{&quot;background_background&quot;:&quot;classic&quot;}\">\n\t\t\t\t\t\t<div class=\"elementor-container elementor-column-gap-default\">\n\t\t\t\t\t<div class=\"elementor-column elementor-col-100 elementor-top-column elementor-element elementor-element-0ae98ea\" data-id=\"0ae98ea\" data-element_type=\"column\" data-e-type=\"column\">\n\t\t\t<div class=\"elementor-widget-wrap elementor-element-populated\">\n\t\t\t\t\t\t<section data-particle_enable=\"false\" data-particle-mobile-disabled=\"false\" class=\"elementor-section elementor-inner-section elementor-element elementor-element-e1bbc07 section-pull-left elementor-section-boxed elementor-section-height-default elementor-section-height-default\" data-id=\"e1bbc07\" data-element_type=\"section\" data-e-type=\"section\">\n\t\t\t\t\t\t<div class=\"elementor-container elementor-column-gap-default\">\n\t\t\t\t\t<div class=\"elementor-column elementor-col-100 elementor-inner-column elementor-element elementor-element-47b63f9\" data-id=\"47b63f9\" data-element_type=\"column\" data-e-type=\"column\" data-settings=\"{&quot;background_background&quot;:&quot;classic&quot;}\">\n\t\t\t<div class=\"elementor-widget-wrap elementor-element-populated\">\n\t\t\t\t\t\t<div class=\"elementor-element elementor-element-e162ae8 elementor-widget elementor-widget-heading\" data-id=\"e162ae8\" data-element_type=\"widget\" data-e-type=\"widget\" data-widget_type=\"heading.default\">\n\t\t\t\t<div class=\"elementor-widget-container\">\n\t\t\t\t\t<h2 class=\"elementor-heading-title elementor-size-default\"><a href=\"https:\/\/childrenfirstcanada.org\/fr\/campaign\/the-kids-are-not-alright\/\">Les enfants ne vont pas bien<\/a><\/h2>\t\t\t\t<\/div>\n\t\t\t\t<\/div>\n\t\t\t\t<div class=\"elementor-element elementor-element-98e346b elementor-widget elementor-widget-text-editor\" data-id=\"98e346b\" data-element_type=\"widget\" data-e-type=\"widget\" data-widget_type=\"text-editor.default\">\n\t\t\t\t<div class=\"elementor-widget-container\">\n\t\t\t\t\t\t\t\t\tCe rapport historique a lanc\u00e9 un mouvement national visant \u00e0 faire du Canada le meilleur endroit au monde pour que les enfants grandissent. Les enfants ne vont pas bien pr\u00e9vient les canadiens qu'il est #tempsdeprendredesmesures. <em>Les enfants ne vont pas bien<\/em> avertit les Canadiens que c&#039;est #TimeToMeasureUp.\t\t\t\t\t\t\t\t<\/div>\n\t\t\t\t<\/div>\n\t\t\t\t<div class=\"elementor-element elementor-element-243880a elementor-widget elementor-widget-shortcode\" data-id=\"243880a\" data-element_type=\"widget\" data-e-type=\"widget\" data-widget_type=\"shortcode.default\">\n\t\t\t\t<div class=\"elementor-widget-container\">\n\t\t\t\t\t\t\t<div class=\"elementor-shortcode\">\r\n      <a class=\"btn\" href=\"https:\/\/childrenfirstcanada.org\/fr\/campaign\/the-kids-are-not-alright\/\">EN SAVOIR PLUS<\/a>\r\n  \r\n  <\/div>\n\t\t\t\t\t\t<\/div>\n\t\t\t\t<\/div>\n\t\t\t\t\t<\/div>\n\t\t<\/div>\n\t\t\t\t\t<\/div>\n\t\t<\/section>\n\t\t\t\t\t<\/div>\n\t\t<\/div>\n\t\t\t\t\t<\/div>\n\t\t<\/section>\n\t\t\t\t<\/div>\n\t\t\t\t<\/article>\n\t\t\t\t<\/div>\n\t\t\t\t\t\t<\/div>\n\t\t\t\t<\/div>\n\t\t\t\t\t<\/div>\n\t\t<\/div>\n\t\t\t\t\t<\/div>\n\t\t<\/section>\n\t\t\t\t<\/div>","protected":false},"excerpt":{"rendered":"","protected":false},"author":1,"featured_media":0,"parent":0,"menu_order":0,"comment_status":"closed","ping_status":"closed","template":"","meta":{"_acf_changed":false,"footnotes":""},"categories":[],"class_list":["post-534","page","type-page","status-publish","hentry"],"acf":[],"yoast_head":"<!-- This site is optimized with the Yoast SEO plugin v27.4 - https:\/\/yoast.com\/product\/yoast-seo-wordpress\/ -->\n<title>What We Do - Children First Canada<\/title>\n<meta name=\"robots\" content=\"index, follow, max-snippet:-1, max-image-preview:large, max-video-preview:-1\" \/>\n<link rel=\"canonical\" href=\"https:\/\/childrenfirstcanada.org\/fr\/what-we-do\/\" \/>\n<meta property=\"og:locale\" content=\"fr_CA\" \/>\n<meta property=\"og:type\" content=\"article\" \/>\n<meta property=\"og:title\" content=\"What We Do - Children First Canada\" \/>\n<meta property=\"og:url\" content=\"https:\/\/childrenfirstcanada.org\/fr\/what-we-do\/\" \/>\n<meta property=\"og:site_name\" content=\"Children First Canada\" \/>\n<meta property=\"article:modified_time\" content=\"2025-03-23T10:25:30+00:00\" \/>\n<meta name=\"twitter:card\" content=\"summary_large_image\" \/>\n<meta name=\"twitter:label1\" content=\"Estimation du temps de lecture\" \/>\n\t<meta name=\"twitter:data1\" content=\"3 minutes\" \/>\n<script type=\"application\/ld+json\" class=\"yoast-schema-graph\">{\"@context\":\"https:\\\/\\\/schema.org\",\"@graph\":[{\"@type\":\"WebPage\",\"@id\":\"https:\\\/\\\/childrenfirstcanada.org\\\/what-we-do\\\/\",\"url\":\"https:\\\/\\\/childrenfirstcanada.org\\\/what-we-do\\\/\",\"name\":\"What We Do - Children First Canada\",\"isPartOf\":{\"@id\":\"https:\\\/\\\/childrenfirstcanada.org\\\/#website\"},\"datePublished\":\"2021-02-10T21:27:02+00:00\",\"dateModified\":\"2025-03-23T10:25:30+00:00\",\"breadcrumb\":{\"@id\":\"https:\\\/\\\/childrenfirstcanada.org\\\/what-we-do\\\/#breadcrumb\"},\"inLanguage\":\"fr-CA\",\"potentialAction\":[{\"@type\":\"ReadAction\",\"target\":[\"https:\\\/\\\/childrenfirstcanada.org\\\/what-we-do\\\/\"]}]},{\"@type\":\"BreadcrumbList\",\"@id\":\"https:\\\/\\\/childrenfirstcanada.org\\\/what-we-do\\\/#breadcrumb\",\"itemListElement\":[{\"@type\":\"ListItem\",\"position\":1,\"name\":\"Home\",\"item\":\"https:\\\/\\\/childrenfirstcanada.org\\\/\"},{\"@type\":\"ListItem\",\"position\":2,\"name\":\"What We Do\"}]},{\"@type\":\"WebSite\",\"@id\":\"https:\\\/\\\/childrenfirstcanada.org\\\/#website\",\"url\":\"https:\\\/\\\/childrenfirstcanada.org\\\/\",\"name\":\"Children First Canada\",\"description\":\"CFC\",\"publisher\":{\"@id\":\"https:\\\/\\\/childrenfirstcanada.org\\\/#organization\"},\"potentialAction\":[{\"@type\":\"SearchAction\",\"target\":{\"@type\":\"EntryPoint\",\"urlTemplate\":\"https:\\\/\\\/childrenfirstcanada.org\\\/?s={search_term_string}\"},\"query-input\":{\"@type\":\"PropertyValueSpecification\",\"valueRequired\":true,\"valueName\":\"search_term_string\"}}],\"inLanguage\":\"fr-CA\"},{\"@type\":\"Organization\",\"@id\":\"https:\\\/\\\/childrenfirstcanada.org\\\/#organization\",\"name\":\"Children First Canada\",\"url\":\"https:\\\/\\\/childrenfirstcanada.org\\\/\",\"logo\":{\"@type\":\"ImageObject\",\"inLanguage\":\"fr-CA\",\"@id\":\"https:\\\/\\\/childrenfirstcanada.org\\\/#\\\/schema\\\/logo\\\/image\\\/\",\"url\":\"https:\\\/\\\/childrenfirstcanada.org\\\/wp-content\\\/uploads\\\/2021\\\/01\\\/CFC_Logo_white.png\",\"contentUrl\":\"https:\\\/\\\/childrenfirstcanada.org\\\/wp-content\\\/uploads\\\/2021\\\/01\\\/CFC_Logo_white.png\",\"width\":1435,\"height\":514,\"caption\":\"Children First Canada\"},\"image\":{\"@id\":\"https:\\\/\\\/childrenfirstcanada.org\\\/#\\\/schema\\\/logo\\\/image\\\/\"}}]}<\/script>\n<!-- \/ Yoast SEO plugin. -->","yoast_head_json":{"title":"Ce que nous faisons - Children First Canada","robots":{"index":"index","follow":"follow","max-snippet":"max-snippet:-1","max-image-preview":"max-image-preview:large","max-video-preview":"max-video-preview:-1"},"canonical":"https:\/\/childrenfirstcanada.org\/fr\/what-we-do\/","og_locale":"fr_CA","og_type":"article","og_title":"What We Do - Children First Canada","og_url":"https:\/\/childrenfirstcanada.org\/fr\/what-we-do\/","og_site_name":"Children First Canada","article_modified_time":"2025-03-23T10:25:30+00:00","twitter_card":"summary_large_image","twitter_misc":{"Estimation du temps de lecture":"3 minutes"},"schema":{"@context":"https:\/\/schema.org","@graph":[{"@type":"WebPage","@id":"https:\/\/childrenfirstcanada.org\/what-we-do\/","url":"https:\/\/childrenfirstcanada.org\/what-we-do\/","name":"Ce que nous faisons - Children First Canada","isPartOf":{"@id":"https:\/\/childrenfirstcanada.org\/#website"},"datePublished":"2021-02-10T21:27:02+00:00","dateModified":"2025-03-23T10:25:30+00:00","breadcrumb":{"@id":"https:\/\/childrenfirstcanada.org\/what-we-do\/#breadcrumb"},"inLanguage":"fr-CA","potentialAction":[{"@type":"ReadAction","target":["https:\/\/childrenfirstcanada.org\/what-we-do\/"]}]},{"@type":"BreadcrumbList","@id":"https:\/\/childrenfirstcanada.org\/what-we-do\/#breadcrumb","itemListElement":[{"@type":"ListItem","position":1,"name":"Home","item":"https:\/\/childrenfirstcanada.org\/"},{"@type":"ListItem","position":2,"name":"What We Do"}]},{"@type":"WebSite","@id":"https:\/\/childrenfirstcanada.org\/#website","url":"https:\/\/childrenfirstcanada.org\/","name":"Les Enfants d'abord Canada","description":"CFC","publisher":{"@id":"https:\/\/childrenfirstcanada.org\/#organization"},"potentialAction":[{"@type":"SearchAction","target":{"@type":"EntryPoint","urlTemplate":"https:\/\/childrenfirstcanada.org\/?s={search_term_string}"},"query-input":{"@type":"PropertyValueSpecification","valueRequired":true,"valueName":"search_term_string"}}],"inLanguage":"fr-CA"},{"@type":"Organization","@id":"https:\/\/childrenfirstcanada.org\/#organization","name":"Les Enfants d'abord Canada","url":"https:\/\/childrenfirstcanada.org\/","logo":{"@type":"ImageObject","inLanguage":"fr-CA","@id":"https:\/\/childrenfirstcanada.org\/#\/schema\/logo\/image\/","url":"https:\/\/childrenfirstcanada.org\/wp-content\/uploads\/2021\/01\/CFC_Logo_white.png","contentUrl":"https:\/\/childrenfirstcanada.org\/wp-content\/uploads\/2021\/01\/CFC_Logo_white.png","width":1435,"height":514,"caption":"Children First Canada"},"image":{"@id":"https:\/\/childrenfirstcanada.org\/#\/schema\/logo\/image\/"}}]}},"_links":{"self":[{"href":"https:\/\/childrenfirstcanada.org\/fr\/wp-json\/wp\/v2\/pages\/534","targetHints":{"allow":["GET"]}}],"collection":[{"href":"https:\/\/childrenfirstcanada.org\/fr\/wp-json\/wp\/v2\/pages"}],"about":[{"href":"https:\/\/childrenfirstcanada.org\/fr\/wp-json\/wp\/v2\/types\/page"}],"author":[{"embeddable":true,"href":"https:\/\/childrenfirstcanada.org\/fr\/wp-json\/wp\/v2\/users\/1"}],"replies":[{"embeddable":true,"href":"https:\/\/childrenfirstcanada.org\/fr\/wp-json\/wp\/v2\/comments?post=534"}],"version-history":[{"count":0,"href":"https:\/\/childrenfirstcanada.org\/fr\/wp-json\/wp\/v2\/pages\/534\/revisions"}],"wp:attachment":[{"href":"https:\/\/childrenfirstcanada.org\/fr\/wp-json\/wp\/v2\/media?parent=534"}],"wp:term":[{"taxonomy":"category","embeddable":true,"href":"https:\/\/childrenfirstcanada.org\/fr\/wp-json\/wp\/v2\/categories?post=534"}],"curies":[{"name":"wp","href":"https:\/\/api.w.org\/{rel}","templated":true}]}}